{"id":6024,"date":"2022-11-28T07:00:00","date_gmt":"2022-11-28T10:00:00","guid":{"rendered":"https:\/\/www.iquilibrio.com\/blog\/?page_id=6024"},"modified":"2022-12-19T12:04:50","modified_gmt":"2022-12-19T15:04:50","slug":"salmo-da-semana","status":"publish","type":"page","link":"https:\/\/www.iquilibrio.com\/blog\/salmo-da-semana\/","title":{"rendered":"Salmo Semanal &#8211; Mensagem do salmo para o seu cora\u00e7\u00e3o"},"content":{"rendered":"<figure id=\"attachment_37299\" aria-describedby=\"caption-attachment-37299\" style=\"width: 900px\" class=\"wp-caption aligncenter\"><img loading=\"lazy\" decoding=\"async\" class=\"size-full wp-image-37299\" src=\"https:\/\/www.iquilibrio.com\/blog\/wp-content\/uploads\/2022\/10\/salmo-da-semana.jpg\" alt=\"salmo da semana\" width=\"900\" height=\"560\" srcset=\"https:\/\/www.iquilibrio.com\/blog\/wp-content\/uploads\/2022\/10\/salmo-da-semana.jpg 900w, https:\/\/www.iquilibrio.com\/blog\/wp-content\/uploads\/2022\/10\/salmo-da-semana-300x187.jpg 300w, https:\/\/www.iquilibrio.com\/blog\/wp-content\/uploads\/2022\/10\/salmo-da-semana-768x478.jpg 768w, https:\/\/www.iquilibrio.com\/blog\/wp-content\/uploads\/2022\/10\/salmo-da-semana-696x433.jpg 696w, https:\/\/www.iquilibrio.com\/blog\/wp-content\/uploads\/2022\/10\/salmo-da-semana-675x420.jpg 675w\" sizes=\"auto, (max-width: 900px) 100vw, 900px\" \/><figcaption id=\"caption-attachment-37299\" class=\"wp-caption-text\">salmo da semana<\/figcaption><\/figure>\n<p>O livro de Salmos, \u00e9 um excelente lugar para aprendermos li\u00e7\u00f5es valiosas para o nosso dia a dia. Ent\u00e3o, como \u00e9 de costume indicar, prefira ler o Salmo do Dia logo pela manh\u00e3, ap\u00f3s a sua ora\u00e7\u00e3o de agradecimento.<\/p>\n<p>Sendo assim, tenho certeza que o Salmo da semana trar\u00e1 uma mensagem de luz ao seu cora\u00e7\u00e3o. Bom proveito!<\/p>\n<p style=\"text-align: center;\"><a href=\"https:\/\/www.iquilibrio.com\/salmos\/?utm_campaign=&amp;utm_medium=&amp;utm_source=&amp;utm_content=2022_salmo_semana_blog_botao_abaixo_paragrafo2\" target=\"_blank\" rel=\"noopener\"><strong><span class=\"td_btn td_btn_md td_round_btn\" style=\"background-color: #0000ff;\">Saiba como vencer os dias dif\u00edceis. Fale agora mesmo com um consultor e receba luz!<\/span><\/strong><\/a><\/p>\n<h3 style=\"text-align: left;\"><strong>Salmos 33<\/strong><\/h3>\n<p><em>&#8220;REGOZIJAI-VOS no SENHOR, v\u00f3s justos, pois aos retos conv\u00e9m o louvor.<\/em><\/p>\n<p><em>Louvai ao SENHOR com harpa, cantai a ele com o salt\u00e9rio e um instrumento de dez cordas.<\/em><\/p>\n<p><em>Cantai-lhe um c\u00e2ntico novo; tocai bem e com j\u00fabilo.<\/em><\/p>\n<p><em>Porque a palavra do SENHOR \u00e9 reta, e todas as suas obras s\u00e3o fi\u00e9is.<\/em><\/p>\n<p><em>Ele ama a justi\u00e7a e o ju\u00edzo; a terra est\u00e1 cheia da bondade do SENHOR.<\/em><\/p>\n<p><em>Pela palavra do SENHOR foram feitos os c\u00e9us, e todo o ex\u00e9rcito deles pelo esp\u00edrito da sua boca.<\/em><\/p>\n<p><em>Ele ajunta as \u00e1guas do mar como num mont\u00e3o; p\u00f5e os abismos em dep\u00f3sitos.<\/em><\/p>\n<p><em>Tema toda a terra ao SENHOR; temam-no todos os moradores do mundo.<\/em><\/p>\n<p><em>Porque falou, e foi feito; mandou, e logo apareceu.<\/em><\/p>\n<p><em>O SENHOR desfaz o conselho dos gentios, quebranta os intentos dos povos.<\/em><\/p>\n<p><em>O conselho do SENHOR permanece para sempre; os intentos do seu cora\u00e7\u00e3o de gera\u00e7\u00e3o em gera\u00e7\u00e3o.<\/em><\/p>\n<p><em>Bem-aventurada \u00e9 a na\u00e7\u00e3o cujo Deus \u00e9 o SENHOR, e o povo ao qual escolheu para sua heran\u00e7a.<\/em><\/p>\n<p><em>O SENHOR olha desde os c\u00e9us e est\u00e1 vendo a todos os filhos dos homens.<\/em><\/p>\n<p><em>Do lugar da sua habita\u00e7\u00e3o contempla todos os moradores da terra.<\/em><\/p>\n<p><em>Ele \u00e9 que forma o cora\u00e7\u00e3o de todos eles, que contempla todas as suas obras.<\/em><\/p>\n<p><em>N\u00e3o h\u00e1 rei que se salve com a grandeza dum ex\u00e9rcito, nem o homem valente se livra pela muita for\u00e7a.<\/em><\/p>\n<p><em>O cavalo \u00e9 falaz para a seguran\u00e7a; n\u00e3o livra ningu\u00e9m com a sua grande for\u00e7a.<\/em><\/p>\n<p><em>Eis que os olhos do SENHOR est\u00e3o sobre os que o temem, sobre os que esperam na sua miseric\u00f3rdia;<\/em><\/p>\n<p><em>Para lhes livrar as almas da morte, e para os conservar vivos na fome.<\/em><\/p>\n<p><em>A nossa alma espera no SENHOR; ele \u00e9 o nosso aux\u00edlio e o nosso escudo.<\/em><\/p>\n<p><em>Pois nele se alegra o nosso cora\u00e7\u00e3o; porquanto temos confiado no seu santo nome.<\/em><\/p>\n<p><em>Seja a tua miseric\u00f3rdia, SENHOR, sobre n\u00f3s, como em ti esperamos.<\/em><em>&#8220;<\/em><\/p>\n<p><img loading=\"lazy\" decoding=\"async\" class=\"alignnone size-full wp-image-8431\" src=\"https:\/\/www.iquilibrio.com\/blog\/wp-content\/uploads\/2017\/08\/salmos-de-protecao.jpg\" alt=\"salmos para prote\u00e7\u00e3o\" width=\"900\" height=\"560\" srcset=\"https:\/\/www.iquilibrio.com\/blog\/wp-content\/uploads\/2017\/08\/salmos-de-protecao.jpg 900w, https:\/\/www.iquilibrio.com\/blog\/wp-content\/uploads\/2017\/08\/salmos-de-protecao-300x187.jpg 300w, https:\/\/www.iquilibrio.com\/blog\/wp-content\/uploads\/2017\/08\/salmos-de-protecao-768x478.jpg 768w, https:\/\/www.iquilibrio.com\/blog\/wp-content\/uploads\/2017\/08\/salmos-de-protecao-696x433.jpg 696w, https:\/\/www.iquilibrio.com\/blog\/wp-content\/uploads\/2017\/08\/salmos-de-protecao-675x420.jpg 675w\" sizes=\"auto, (max-width: 900px) 100vw, 900px\" \/><\/p>\n<p style=\"text-align: center;\"><a href=\"https:\/\/www.iquilibrio.com\/autoconhecimento\/?utm_campaign=&amp;utm_medium=&amp;utm_source=&amp;utm_content=2022_salmo_semana_blog_botao_abaixo_texto_salmos\" target=\"_blank\" rel=\"noopener\"><strong><span class=\"td_btn td_btn_md td_round_btn\" style=\"background-color: #0000ff;\">Ven\u00e7a todas as suas batalhas! Tenha autocontrole e sabedoria para alcan\u00e7ar luz!<\/span><\/strong><\/a><\/p>\n<p>Se prepare, para viver um novo tempo, de restaura\u00e7\u00e3o, de colheita pr\u00f3spera e de muita felicidade em sua vida!<\/p>\n<p>Saiba como preparar todas as \u00e1reas da sua vida para o ano novo, clique e conhe\u00e7a os postes:<\/p>\n<ul>\n<li><a href=\"https:\/\/www.iquilibrio.com\/blog\/espiritualidade\/emocoes-espirituais\/\">Sentimentos;<\/a><\/li>\n<li><a href=\"https:\/\/www.iquilibrio.com\/blog\/espiritualidade\/oracoes-salmos\/oracao-afastar-energias-negativas\/\">Pensamentos;<\/a><\/li>\n<li><a href=\"https:\/\/www.iquilibrio.com\/blog\/bem-estar\/dificuldades-financeiras\/\">Finan\u00e7as;<\/a><\/li>\n<li><a href=\"https:\/\/www.iquilibrio.com\/blog\/bem-estar\/dicas-amor\/amor-iquilibrio\/\">Relacionamentos;<\/a><\/li>\n<li><a href=\"https:\/\/www.iquilibrio.com\/blog\/amor-2\/amor-familia\/\">Fam\u00edlia;<\/a><\/li>\n<li><a href=\"https:\/\/www.iquilibrio.com\/blog\/bem-estar\/autoconhecimento\/beneficios-do-perdao\/\">Desafios.<\/a><\/li>\n<\/ul>\n<p><strong>Que a sua semana seja aben\u00e7oada, cheia de riso, esperan\u00e7a e alegria!!!<\/strong><\/p>\n<p style=\"text-align: center;\"><a href=\"https:\/\/www.iquilibrio.com\/tarot\/anjos\/?utm_campaign=&amp;utm_medium=&amp;utm_source=&amp;utm_content=2022_salmo_semana_blog_botao_abaixo_ultimo_paragrafo\" target=\"_blank\" rel=\"noopener\"><strong><span class=\"td_btn td_btn_md td_round_btn\" style=\"background-color: #0000ff;\">Receba agora mesmo uma mensagem dos anjos para a sua vida. Fale com um especialista!<\/span><\/strong><\/a><\/p>\n<hr \/>\n","protected":false},"excerpt":{"rendered":"<p>O livro de Salmos, \u00e9 um excelente lugar para aprendermos li\u00e7\u00f5es valiosas para o nosso dia a dia. Ent\u00e3o, como \u00e9 de costume indicar, prefira ler o Salmo do Dia logo pela manh\u00e3, ap\u00f3s a sua ora\u00e7\u00e3o de agradecimento. Sendo assim, tenho certeza que o Salmo da semana trar\u00e1 uma mensagem de luz ao seu [&hellip;]<\/p>\n","protected":false},"author":20,"featured_media":37299,"parent":0,"menu_order":0,"comment_status":"closed","ping_status":"closed","template":"","meta":{"footnotes":""},"class_list":["post-6024","page","type-page","status-publish","has-post-thumbnail","hentry"],"yoast_head":"<!-- This site is optimized with the Yoast SEO plugin v27.4 - https:\/\/yoast.com\/product\/yoast-seo-wordpress\/ -->\n<title>Salmo da semana - Uma mensagem de paz para voc\u00ea!\u2764<\/title>\n<meta name=\"description\" content=\"Veja aqui o que a Espiritualidade reserva para voc\u00ea atrav\u00e9s do salmo da semana! Acesse e veja uma mensagem especial para voc\u00ea hoje!\" \/>\n<meta name=\"robots\" content=\"index, follow, max-snippet:-1, max-image-preview:large, max-video-preview:-1\" \/>\n<link rel=\"canonical\" href=\"https:\/\/www.iquilibrio.com\/blog\/salmo-da-semana\/\" \/>\n<meta property=\"og:locale\" content=\"pt_BR\" \/>\n<meta property=\"og:type\" content=\"article\" \/>\n<meta property=\"og:title\" content=\"Salmo da semana - Uma mensagem de paz para voc\u00ea!\u2764\" \/>\n<meta property=\"og:description\" content=\"Veja aqui o que a Espiritualidade reserva para voc\u00ea atrav\u00e9s do salmo da semana! Acesse e veja uma mensagem especial para voc\u00ea hoje!\" \/>\n<meta property=\"og:url\" content=\"https:\/\/www.iquilibrio.com\/blog\/salmo-da-semana\/\" \/>\n<meta property=\"og:site_name\" content=\"iQuilibrio\" \/>\n<meta property=\"article:publisher\" content=\"https:\/\/www.facebook.com\/iQuilibrio\/\" \/>\n<meta property=\"article:modified_time\" content=\"2022-12-19T15:04:50+00:00\" \/>\n<meta property=\"og:image\" content=\"https:\/\/www.iquilibrio.com\/blog\/wp-content\/uploads\/2022\/10\/salmo-da-semana.jpg\" \/>\n\t<meta property=\"og:image:width\" content=\"900\" \/>\n\t<meta property=\"og:image:height\" content=\"560\" \/>\n\t<meta property=\"og:image:type\" content=\"image\/jpeg\" \/>\n<meta name=\"twitter:card\" content=\"summary_large_image\" \/>\n<meta name=\"twitter:site\" content=\"@iquilibrio\" \/>\n<meta name=\"twitter:label1\" content=\"Est. tempo de leitura\" \/>\n\t<meta name=\"twitter:data1\" content=\"4 minutos\" \/>\n<script type=\"application\/ld+json\" class=\"yoast-schema-graph\">{\"@context\":\"https:\\\/\\\/schema.org\",\"@graph\":[{\"@type\":\"WebPage\",\"@id\":\"https:\\\/\\\/www.iquilibrio.com\\\/blog\\\/salmo-da-semana\\\/\",\"url\":\"https:\\\/\\\/www.iquilibrio.com\\\/blog\\\/salmo-da-semana\\\/\",\"name\":\"Salmo da semana - Uma mensagem de paz para voc\u00ea!\u2764\",\"isPartOf\":{\"@id\":\"https:\\\/\\\/www.iquilibrio.com\\\/blog\\\/#website\"},\"primaryImageOfPage\":{\"@id\":\"https:\\\/\\\/www.iquilibrio.com\\\/blog\\\/salmo-da-semana\\\/#primaryimage\"},\"image\":{\"@id\":\"https:\\\/\\\/www.iquilibrio.com\\\/blog\\\/salmo-da-semana\\\/#primaryimage\"},\"thumbnailUrl\":\"https:\\\/\\\/www.iquilibrio.com\\\/blog\\\/wp-content\\\/uploads\\\/2022\\\/10\\\/salmo-da-semana.jpg\",\"datePublished\":\"2022-11-28T10:00:00+00:00\",\"dateModified\":\"2022-12-19T15:04:50+00:00\",\"description\":\"Veja aqui o que a Espiritualidade reserva para voc\u00ea atrav\u00e9s do salmo da semana! Acesse e veja uma mensagem especial para voc\u00ea hoje!\",\"breadcrumb\":{\"@id\":\"https:\\\/\\\/www.iquilibrio.com\\\/blog\\\/salmo-da-semana\\\/#breadcrumb\"},\"inLanguage\":\"pt-BR\",\"potentialAction\":[{\"@type\":\"ReadAction\",\"target\":[\"https:\\\/\\\/www.iquilibrio.com\\\/blog\\\/salmo-da-semana\\\/\"]}]},{\"@type\":\"ImageObject\",\"inLanguage\":\"pt-BR\",\"@id\":\"https:\\\/\\\/www.iquilibrio.com\\\/blog\\\/salmo-da-semana\\\/#primaryimage\",\"url\":\"https:\\\/\\\/www.iquilibrio.com\\\/blog\\\/wp-content\\\/uploads\\\/2022\\\/10\\\/salmo-da-semana.jpg\",\"contentUrl\":\"https:\\\/\\\/www.iquilibrio.com\\\/blog\\\/wp-content\\\/uploads\\\/2022\\\/10\\\/salmo-da-semana.jpg\",\"width\":900,\"height\":560,\"caption\":\"salmo da semana\"},{\"@type\":\"BreadcrumbList\",\"@id\":\"https:\\\/\\\/www.iquilibrio.com\\\/blog\\\/salmo-da-semana\\\/#breadcrumb\",\"itemListElement\":[{\"@type\":\"ListItem\",\"position\":1,\"name\":\"In\u00edcio\",\"item\":\"https:\\\/\\\/www.iquilibrio.com\\\/blog\\\/\"},{\"@type\":\"ListItem\",\"position\":2,\"name\":\"Salmo Semanal &#8211; Mensagem do salmo para o seu cora\u00e7\u00e3o\"}]},{\"@type\":\"WebSite\",\"@id\":\"https:\\\/\\\/www.iquilibrio.com\\\/blog\\\/#website\",\"url\":\"https:\\\/\\\/www.iquilibrio.com\\\/blog\\\/\",\"name\":\"iQuilibrio\",\"description\":\"Blog iQuilibrio\",\"publisher\":{\"@id\":\"https:\\\/\\\/www.iquilibrio.com\\\/blog\\\/#organization\"},\"potentialAction\":[{\"@type\":\"SearchAction\",\"target\":{\"@type\":\"EntryPoint\",\"urlTemplate\":\"https:\\\/\\\/www.iquilibrio.com\\\/blog\\\/?s={search_term_string}\"},\"query-input\":{\"@type\":\"PropertyValueSpecification\",\"valueRequired\":true,\"valueName\":\"search_term_string\"}}],\"inLanguage\":\"pt-BR\"},{\"@type\":\"Organization\",\"@id\":\"https:\\\/\\\/www.iquilibrio.com\\\/blog\\\/#organization\",\"name\":\"Esoterismo, Misticismo e Tarot Online - iQuilibrio\",\"url\":\"https:\\\/\\\/www.iquilibrio.com\\\/blog\\\/\",\"logo\":{\"@type\":\"ImageObject\",\"inLanguage\":\"pt-BR\",\"@id\":\"https:\\\/\\\/www.iquilibrio.com\\\/blog\\\/#\\\/schema\\\/logo\\\/image\\\/\",\"url\":\"https:\\\/\\\/www.iquilibrio.com\\\/blog\\\/wp-content\\\/uploads\\\/2018\\\/12\\\/iquilibrio_lovo_vetor_preto-retina.png\",\"contentUrl\":\"https:\\\/\\\/www.iquilibrio.com\\\/blog\\\/wp-content\\\/uploads\\\/2018\\\/12\\\/iquilibrio_lovo_vetor_preto-retina.png\",\"width\":972,\"height\":180,\"caption\":\"Esoterismo, Misticismo e Tarot Online - iQuilibrio\"},\"image\":{\"@id\":\"https:\\\/\\\/www.iquilibrio.com\\\/blog\\\/#\\\/schema\\\/logo\\\/image\\\/\"},\"sameAs\":[\"https:\\\/\\\/www.facebook.com\\\/iQuilibrio\\\/\",\"https:\\\/\\\/x.com\\\/iquilibrio\",\"https:\\\/\\\/www.instagram.com\\\/iquilibrio\\\/\",\"https:\\\/\\\/www.linkedin.com\\\/company\\\/iquilibrio\\\/\",\"https:\\\/\\\/br.pinterest.com\\\/iquilibrio1397\\\/\",\"https:\\\/\\\/www.youtube.com\\\/channel\\\/UC175qxd-4Zsi4wzawT5zF2g\"]}]}<\/script>\n<!-- \/ Yoast SEO plugin. -->","yoast_head_json":{"title":"Salmo da semana - Uma mensagem de paz para voc\u00ea!\u2764","description":"Veja aqui o que a Espiritualidade reserva para voc\u00ea atrav\u00e9s do salmo da semana! Acesse e veja uma mensagem especial para voc\u00ea hoje!","robots":{"index":"index","follow":"follow","max-snippet":"max-snippet:-1","max-image-preview":"max-image-preview:large","max-video-preview":"max-video-preview:-1"},"canonical":"https:\/\/www.iquilibrio.com\/blog\/salmo-da-semana\/","og_locale":"pt_BR","og_type":"article","og_title":"Salmo da semana - Uma mensagem de paz para voc\u00ea!\u2764","og_description":"Veja aqui o que a Espiritualidade reserva para voc\u00ea atrav\u00e9s do salmo da semana! Acesse e veja uma mensagem especial para voc\u00ea hoje!","og_url":"https:\/\/www.iquilibrio.com\/blog\/salmo-da-semana\/","og_site_name":"iQuilibrio","article_publisher":"https:\/\/www.facebook.com\/iQuilibrio\/","article_modified_time":"2022-12-19T15:04:50+00:00","og_image":[{"width":900,"height":560,"url":"https:\/\/www.iquilibrio.com\/blog\/wp-content\/uploads\/2022\/10\/salmo-da-semana.jpg","type":"image\/jpeg"}],"twitter_card":"summary_large_image","twitter_site":"@iquilibrio","twitter_misc":{"Est. tempo de leitura":"4 minutos"},"schema":{"@context":"https:\/\/schema.org","@graph":[{"@type":"WebPage","@id":"https:\/\/www.iquilibrio.com\/blog\/salmo-da-semana\/","url":"https:\/\/www.iquilibrio.com\/blog\/salmo-da-semana\/","name":"Salmo da semana - Uma mensagem de paz para voc\u00ea!\u2764","isPartOf":{"@id":"https:\/\/www.iquilibrio.com\/blog\/#website"},"primaryImageOfPage":{"@id":"https:\/\/www.iquilibrio.com\/blog\/salmo-da-semana\/#primaryimage"},"image":{"@id":"https:\/\/www.iquilibrio.com\/blog\/salmo-da-semana\/#primaryimage"},"thumbnailUrl":"https:\/\/www.iquilibrio.com\/blog\/wp-content\/uploads\/2022\/10\/salmo-da-semana.jpg","datePublished":"2022-11-28T10:00:00+00:00","dateModified":"2022-12-19T15:04:50+00:00","description":"Veja aqui o que a Espiritualidade reserva para voc\u00ea atrav\u00e9s do salmo da semana! Acesse e veja uma mensagem especial para voc\u00ea hoje!","breadcrumb":{"@id":"https:\/\/www.iquilibrio.com\/blog\/salmo-da-semana\/#breadcrumb"},"inLanguage":"pt-BR","potentialAction":[{"@type":"ReadAction","target":["https:\/\/www.iquilibrio.com\/blog\/salmo-da-semana\/"]}]},{"@type":"ImageObject","inLanguage":"pt-BR","@id":"https:\/\/www.iquilibrio.com\/blog\/salmo-da-semana\/#primaryimage","url":"https:\/\/www.iquilibrio.com\/blog\/wp-content\/uploads\/2022\/10\/salmo-da-semana.jpg","contentUrl":"https:\/\/www.iquilibrio.com\/blog\/wp-content\/uploads\/2022\/10\/salmo-da-semana.jpg","width":900,"height":560,"caption":"salmo da semana"},{"@type":"BreadcrumbList","@id":"https:\/\/www.iquilibrio.com\/blog\/salmo-da-semana\/#breadcrumb","itemListElement":[{"@type":"ListItem","position":1,"name":"In\u00edcio","item":"https:\/\/www.iquilibrio.com\/blog\/"},{"@type":"ListItem","position":2,"name":"Salmo Semanal &#8211; Mensagem do salmo para o seu cora\u00e7\u00e3o"}]},{"@type":"WebSite","@id":"https:\/\/www.iquilibrio.com\/blog\/#website","url":"https:\/\/www.iquilibrio.com\/blog\/","name":"iQuilibrio","description":"Blog iQuilibrio","publisher":{"@id":"https:\/\/www.iquilibrio.com\/blog\/#organization"},"potentialAction":[{"@type":"SearchAction","target":{"@type":"EntryPoint","urlTemplate":"https:\/\/www.iquilibrio.com\/blog\/?s={search_term_string}"},"query-input":{"@type":"PropertyValueSpecification","valueRequired":true,"valueName":"search_term_string"}}],"inLanguage":"pt-BR"},{"@type":"Organization","@id":"https:\/\/www.iquilibrio.com\/blog\/#organization","name":"Esoterismo, Misticismo e Tarot Online - iQuilibrio","url":"https:\/\/www.iquilibrio.com\/blog\/","logo":{"@type":"ImageObject","inLanguage":"pt-BR","@id":"https:\/\/www.iquilibrio.com\/blog\/#\/schema\/logo\/image\/","url":"https:\/\/www.iquilibrio.com\/blog\/wp-content\/uploads\/2018\/12\/iquilibrio_lovo_vetor_preto-retina.png","contentUrl":"https:\/\/www.iquilibrio.com\/blog\/wp-content\/uploads\/2018\/12\/iquilibrio_lovo_vetor_preto-retina.png","width":972,"height":180,"caption":"Esoterismo, Misticismo e Tarot Online - iQuilibrio"},"image":{"@id":"https:\/\/www.iquilibrio.com\/blog\/#\/schema\/logo\/image\/"},"sameAs":["https:\/\/www.facebook.com\/iQuilibrio\/","https:\/\/x.com\/iquilibrio","https:\/\/www.instagram.com\/iquilibrio\/","https:\/\/www.linkedin.com\/company\/iquilibrio\/","https:\/\/br.pinterest.com\/iquilibrio1397\/","https:\/\/www.youtube.com\/channel\/UC175qxd-4Zsi4wzawT5zF2g"]}]}},"_links":{"self":[{"href":"https:\/\/www.iquilibrio.com\/blog\/wp-json\/wp\/v2\/pages\/6024","targetHints":{"allow":["GET"]}}],"collection":[{"href":"https:\/\/www.iquilibrio.com\/blog\/wp-json\/wp\/v2\/pages"}],"about":[{"href":"https:\/\/www.iquilibrio.com\/blog\/wp-json\/wp\/v2\/types\/page"}],"author":[{"embeddable":true,"href":"https:\/\/www.iquilibrio.com\/blog\/wp-json\/wp\/v2\/users\/20"}],"replies":[{"embeddable":true,"href":"https:\/\/www.iquilibrio.com\/blog\/wp-json\/wp\/v2\/comments?post=6024"}],"version-history":[{"count":478,"href":"https:\/\/www.iquilibrio.com\/blog\/wp-json\/wp\/v2\/pages\/6024\/revisions"}],"predecessor-version":[{"id":38053,"href":"https:\/\/www.iquilibrio.com\/blog\/wp-json\/wp\/v2\/pages\/6024\/revisions\/38053"}],"wp:featuredmedia":[{"embeddable":true,"href":"https:\/\/www.iquilibrio.com\/blog\/wp-json\/wp\/v2\/media\/37299"}],"wp:attachment":[{"href":"https:\/\/www.iquilibrio.com\/blog\/wp-json\/wp\/v2\/media?parent=6024"}],"curies":[{"name":"wp","href":"https:\/\/api.w.org\/{rel}","templated":true}]}}